{"id":1744,"date":"2025-01-13T20:41:45","date_gmt":"2025-01-13T19:41:45","guid":{"rendered":"https:\/\/wordpress2.sao-filipe.com\/?page_id=1744"},"modified":"2026-04-19T17:38:37","modified_gmt":"2026-04-19T16:38:37","slug":"1744-2","status":"publish","type":"page","link":"https:\/\/wordpress2.sao-filipe.com\/?page_id=1744","title":{"rendered":"Radio Kriola"},"content":{"rendered":"\n<figure class=\"wp-block-image size-large\"><a href=\"https:\/\/wordpress2.sao-filipe.com\/wp-content\/uploads\/2025\/01\/Orchestre_Poly-Rythmo_de_Cotonou_a_la_fete_de_la_musique_2021_a_Cotonou_au_Benin_04-1.jpg\"><img loading=\"lazy\" decoding=\"async\" width=\"1024\" height=\"414\" src=\"https:\/\/wordpress2.sao-filipe.com\/wp-content\/uploads\/2025\/01\/Orchestre_Poly-Rythmo_de_Cotonou_a_la_fete_de_la_musique_2021_a_Cotonou_au_Benin_04-1-1024x414.jpg\" alt=\"\" class=\"wp-image-1748\" srcset=\"https:\/\/wordpress2.sao-filipe.com\/wp-content\/uploads\/2025\/01\/Orchestre_Poly-Rythmo_de_Cotonou_a_la_fete_de_la_musique_2021_a_Cotonou_au_Benin_04-1-1024x414.jpg 1024w, https:\/\/wordpress2.sao-filipe.com\/wp-content\/uploads\/2025\/01\/Orchestre_Poly-Rythmo_de_Cotonou_a_la_fete_de_la_musique_2021_a_Cotonou_au_Benin_04-1-300x121.jpg 300w, https:\/\/wordpress2.sao-filipe.com\/wp-content\/uploads\/2025\/01\/Orchestre_Poly-Rythmo_de_Cotonou_a_la_fete_de_la_musique_2021_a_Cotonou_au_Benin_04-1-768x310.jpg 768w, https:\/\/wordpress2.sao-filipe.com\/wp-content\/uploads\/2025\/01\/Orchestre_Poly-Rythmo_de_Cotonou_a_la_fete_de_la_musique_2021_a_Cotonou_au_Benin_04-1-1536x621.jpg 1536w, https:\/\/wordpress2.sao-filipe.com\/wp-content\/uploads\/2025\/01\/Orchestre_Poly-Rythmo_de_Cotonou_a_la_fete_de_la_musique_2021_a_Cotonou_au_Benin_04-1.jpg 1920w\" sizes=\"auto, (max-width: 1024px) 100vw, 1024px\" \/><\/a><\/figure>\n\n\n\n<p class=\"has-text-align-center\"><\/p>\n\n\n\n<p class=\"has-text-align-center\">Afrikanische und afrikanisch inspirierte Musik<\/p>\n\n\n\n<div class=\"wp-block-buttons is-layout-flex wp-block-buttons-is-layout-flex\">\n<div class=\"wp-block-button has-custom-width wp-block-button__width-50 is-style-fill\"><a class=\"wp-block-button__link has-white-color has-medium-gray-background-color has-text-color has-background has-link-color has-small-font-size has-custom-font-size wp-element-button\" href=\"https:\/\/www.laut.fm\/kriola\" style=\"border-radius:84px\" target=\"_blank\" rel=\"noreferrer noopener\">Play 24\/7 <\/a><\/div>\n\n\n\n<div class=\"wp-block-button has-custom-width wp-block-button__width-50 is-style-fill popmake-2000\"><a class=\"wp-block-button__link has-white-color has-medium-gray-background-color has-text-color has-background has-link-color has-small-font-size has-text-align-center has-custom-font-size wp-element-button\" style=\"border-radius:84px\">Sendeplan<\/a><\/div>\n<\/div>\n\n\n\n<p class=\"has-text-align-center\"><\/p>\n\n\n\n<p>Ali Farka Tour\u00e9, Amadou &amp; Mariam, Antibalas Afrobeat Orchestra, Ayo, Baka Beyond, Bembeya Jazz, Ces\u00e1ria \u00c9vora, Cheikh Lo, Ebo Taylor, Freshlyground, Ismael L\u00f4, Mayra Andrade, Orchestre Poly-Rythmo de Cotonou, Rokia Traor\u00e9, Susheela Raman, Tiken Jah Fakoly, Vad\u00fa und viele andere<\/p>\n\n\n\n<p>Das Musikprogramm von Radio Kriola l\u00e4uft rund um die Uhr. Au\u00dferdem gibt es die hier aufgef\u00fchrten &#8230;<\/p>\n\n\n\n<p class=\"has-medium-font-size\"><strong><mark style=\"background-color:rgba(0, 0, 0, 0)\" class=\"has-inline-color has-black-color\">Themensendungen<\/mark><\/strong><\/p>\n\n\n\n<div class=\"wp-block-media-text is-stacked-on-mobile\"><figure class=\"wp-block-media-text__media\"><img loading=\"lazy\" decoding=\"async\" width=\"444\" height=\"296\" src=\"https:\/\/wordpress2.sao-filipe.com\/wp-content\/uploads\/2025\/01\/beats-n-treats-1.jpeg\" alt=\"\" class=\"wp-image-1763 size-full\" srcset=\"https:\/\/wordpress2.sao-filipe.com\/wp-content\/uploads\/2025\/01\/beats-n-treats-1.jpeg 444w, https:\/\/wordpress2.sao-filipe.com\/wp-content\/uploads\/2025\/01\/beats-n-treats-1-300x200.jpeg 300w\" sizes=\"auto, (max-width: 444px) 100vw, 444px\" \/><\/figure><div class=\"wp-block-media-text__content\">\n<p><strong>Beats &#8217;n&#8216; Treats<\/strong><\/p>\n\n\n\n<p>Rhythm and drums<\/p>\n\n\n\n<p class=\"has-text-align-left\"><strong>Di, Do, Sa 21:00h<\/strong><\/p>\n<\/div><\/div>\n\n\n\n<div class=\"wp-block-media-text is-stacked-on-mobile\"><figure class=\"wp-block-media-text__media\"><img loading=\"lazy\" decoding=\"async\" width=\"945\" height=\"630\" src=\"https:\/\/wordpress2.sao-filipe.com\/wp-content\/uploads\/2025\/01\/soft-and-silky.jpg\" alt=\"\" class=\"wp-image-1764 size-full\" srcset=\"https:\/\/wordpress2.sao-filipe.com\/wp-content\/uploads\/2025\/01\/soft-and-silky.jpg 945w, https:\/\/wordpress2.sao-filipe.com\/wp-content\/uploads\/2025\/01\/soft-and-silky-300x200.jpg 300w, https:\/\/wordpress2.sao-filipe.com\/wp-content\/uploads\/2025\/01\/soft-and-silky-768x512.jpg 768w\" sizes=\"auto, (max-width: 945px) 100vw, 945px\" \/><\/figure><div class=\"wp-block-media-text__content\">\n<p><strong>Soft and Silky<\/strong><\/p>\n\n\n\n<p>Sunday chill-out<\/p>\n\n\n\n<p><strong>So 11:00h<\/strong><\/p>\n<\/div><\/div>\n\n\n\n<div class=\"wp-block-media-text is-stacked-on-mobile\"><figure class=\"wp-block-media-text__media\"><img loading=\"lazy\" decoding=\"async\" width=\"472\" height=\"315\" src=\"https:\/\/wordpress2.sao-filipe.com\/wp-content\/uploads\/2025\/01\/a-hora-di-kriola.jpg\" alt=\"\" class=\"wp-image-1765 size-full\" srcset=\"https:\/\/wordpress2.sao-filipe.com\/wp-content\/uploads\/2025\/01\/a-hora-di-kriola.jpg 472w, https:\/\/wordpress2.sao-filipe.com\/wp-content\/uploads\/2025\/01\/a-hora-di-kriola-300x200.jpg 300w\" sizes=\"auto, (max-width: 472px) 100vw, 472px\" \/><\/figure><div class=\"wp-block-media-text__content\">\n<p><strong>A Hora di Kriola<\/strong><\/p>\n\n\n\n<p><mark style=\"background-color:rgba(0, 0, 0, 0)\" class=\"has-inline-color has-black-color\"><a href=\"https:\/\/wordpress2.sao-filipe.com\/?page_id=1707\" data-type=\"page\" data-id=\"1707\" target=\"_blank\" rel=\"noreferrer noopener\">Afrikanische Musik, Nachrichten und Geschichten von den Kapverdischen Inseln<\/a>. <\/mark><\/p>\n\n\n\n<p>Aktuell l\u00e4uft die Sendung <strong>&#8222;Die Hexe von Ribeira Fora&#8220;<\/strong><\/p>\n\n\n\n<p><strong>So 10:00h, Di, Do 20:00h<\/strong><\/p>\n<\/div><\/div>\n\n\n\n<div class=\"wp-block-media-text is-stacked-on-mobile\"><figure class=\"wp-block-media-text__media\"><img loading=\"lazy\" decoding=\"async\" width=\"482\" height=\"321\" src=\"https:\/\/wordpress2.sao-filipe.com\/wp-content\/uploads\/2025\/01\/noite-caboverdiana-1.jpg\" alt=\"\" class=\"wp-image-1767 size-full\" srcset=\"https:\/\/wordpress2.sao-filipe.com\/wp-content\/uploads\/2025\/01\/noite-caboverdiana-1.jpg 482w, https:\/\/wordpress2.sao-filipe.com\/wp-content\/uploads\/2025\/01\/noite-caboverdiana-1-300x200.jpg 300w\" sizes=\"auto, (max-width: 482px) 100vw, 482px\" \/><\/figure><div class=\"wp-block-media-text__content\">\n<p><strong>A Noite Caboverdiana<\/strong><\/p>\n\n\n\n<p>Cabo Verde only<\/p>\n\n\n\n<p><strong>So 21:00h<\/strong><\/p>\n<\/div><\/div>\n\n\n\n<div class=\"wp-block-media-text is-stacked-on-mobile\"><figure class=\"wp-block-media-text__media\"><img loading=\"lazy\" decoding=\"async\" width=\"498\" height=\"332\" src=\"https:\/\/wordpress2.sao-filipe.com\/wp-content\/uploads\/2025\/01\/DJs-delight.jpg\" alt=\"\" class=\"wp-image-1768 size-full\" srcset=\"https:\/\/wordpress2.sao-filipe.com\/wp-content\/uploads\/2025\/01\/DJs-delight.jpg 498w, https:\/\/wordpress2.sao-filipe.com\/wp-content\/uploads\/2025\/01\/DJs-delight-300x200.jpg 300w\" sizes=\"auto, (max-width: 498px) 100vw, 498px\" \/><\/figure><div class=\"wp-block-media-text__content\">\n<p><strong>DJ&#8217;s Delight<\/strong><\/p>\n\n\n\n<p>&#8230;.. wie der Titel schon sagt<\/p>\n\n\n\n<p><strong>Mo, Mi, Fr 20:00h<\/strong><\/p>\n<\/div><\/div>\n\n\n\n<p class=\"has-text-align-center\">___________________________________________________________<\/p>\n\n\n\n<div class=\"wp-block-media-text is-stacked-on-mobile\"><figure class=\"wp-block-media-text__media\"><img loading=\"lazy\" decoding=\"async\" width=\"600\" height=\"452\" src=\"https:\/\/wordpress2.sao-filipe.com\/wp-content\/uploads\/2025\/02\/Mikes-Tonstudio-sw-1.jpg\" alt=\"\" class=\"wp-image-2069 size-full\" srcset=\"https:\/\/wordpress2.sao-filipe.com\/wp-content\/uploads\/2025\/02\/Mikes-Tonstudio-sw-1.jpg 600w, https:\/\/wordpress2.sao-filipe.com\/wp-content\/uploads\/2025\/02\/Mikes-Tonstudio-sw-1-300x226.jpg 300w\" sizes=\"auto, (max-width: 600px) 100vw, 600px\" \/><\/figure><div class=\"wp-block-media-text__content\">\n<p><strong>Das Tonstudio<\/strong><\/p>\n\n\n\n<p>Hier entstehen die Wortbeitr\u00e4ge<\/p>\n<\/div><\/div>\n\n\n\n<p class=\"has-text-align-center\"><strong><mark style=\"background-color:#fff\" class=\"has-inline-color has-black-color\">Im laufenden Programm gibt es Werbeeinblendungen. Das ist auf der Plattform laut.fm leider unvermeidbar, macht dieses Radio aber auch erst m\u00f6glich.<\/mark><\/strong><\/p>\n\n\n\n<p class=\"has-text-align-center\"><strong><mark style=\"background-color:#fff\" class=\"has-inline-color has-black-color\">Bisweilen kommt es zu Problemen beim Wechsel der Sendungen, der Songs oder der Wortbeitr\u00e4ge. Die Servertechnik ist nicht immer stabil. Die Probleme werden schnellstm\u00f6glich gel\u00f6st. <\/mark><\/strong><\/p>\n\n\n\n<p class=\"has-text-align-center\">___________________________________________________________<\/p>\n\n\n\n<p class=\"popmake-2051\">\u00dcber Kommentare hier unten freue ich mich, auch wenn sie kritisch sind. Das Radio ist in <mark style=\"background-color:rgba(0, 0, 0, 0)\" class=\"has-inline-color has-blue-color\">Entwicklung<\/mark> &#8230;<\/p>\n\n\n\n<p><\/p>\n","protected":false},"excerpt":{"rendered":"<p>Afrikanische und afrikanisch inspirierte Musik Ali Farka Tour\u00e9, Amadou &amp; Mariam, Antibalas Afrobeat Orchestra, Ayo, Baka Beyond, Bembeya Jazz, Ces\u00e1ria \u00c9vora, Cheikh Lo, Ebo Taylor, Freshlyground, Ismael L\u00f4, Mayra Andrade, Orchestre Poly-Rythmo de Cotonou, Rokia Traor\u00e9, Susheela Raman, Tiken Jah &hellip; <a href=\"https:\/\/wordpress2.sao-filipe.com\/?page_id=1744\">Weiterlesen <span class=\"meta-nav\">&rarr;<\/span><\/a><\/p>\n","protected":false},"author":1,"featured_media":0,"parent":0,"menu_order":0,"comment_status":"open","ping_status":"closed","template":"","meta":{"footnotes":""},"class_list":["post-1744","page","type-page","status-publish","hentry"],"_links":{"self":[{"href":"https:\/\/wordpress2.sao-filipe.com\/index.php?rest_route=\/wp\/v2\/pages\/1744","targetHints":{"allow":["GET"]}}],"collection":[{"href":"https:\/\/wordpress2.sao-filipe.com\/index.php?rest_route=\/wp\/v2\/pages"}],"about":[{"href":"https:\/\/wordpress2.sao-filipe.com\/index.php?rest_route=\/wp\/v2\/types\/page"}],"author":[{"embeddable":true,"href":"https:\/\/wordpress2.sao-filipe.com\/index.php?rest_route=\/wp\/v2\/users\/1"}],"replies":[{"embeddable":true,"href":"https:\/\/wordpress2.sao-filipe.com\/index.php?rest_route=%2Fwp%2Fv2%2Fcomments&post=1744"}],"version-history":[{"count":72,"href":"https:\/\/wordpress2.sao-filipe.com\/index.php?rest_route=\/wp\/v2\/pages\/1744\/revisions"}],"predecessor-version":[{"id":2588,"href":"https:\/\/wordpress2.sao-filipe.com\/index.php?rest_route=\/wp\/v2\/pages\/1744\/revisions\/2588"}],"wp:attachment":[{"href":"https:\/\/wordpress2.sao-filipe.com\/index.php?rest_route=%2Fwp%2Fv2%2Fmedia&parent=1744"}],"curies":[{"name":"wp","href":"https:\/\/api.w.org\/{rel}","templated":true}]}}